{"id":21,"date":"2022-08-15T10:53:09","date_gmt":"2022-08-15T08:53:09","guid":{"rendered":"https:\/\/praxis-fisio.com\/?page_id=21"},"modified":"2022-09-16T16:39:42","modified_gmt":"2022-09-16T14:39:42","slug":"praxis-fisio","status":"publish","type":"page","link":"https:\/\/praxis-fisio.com\/es\/","title":{"rendered":"PRAXIS FISIO"},"content":{"rendered":"\n<div class=\"wp-block-media-text alignwide is-stacked-on-mobile has-background\" style=\"background-color:#ffb94b;grid-template-columns:60% auto\"><figure class=\"wp-block-media-text__media\"><img loading=\"lazy\" decoding=\"async\" width=\"1024\" height=\"512\" src=\"https:\/\/praxis-fisio.com\/wp-content\/uploads\/2022\/08\/Praxis-Fisio_S_Frontjpg-1024x512.jpg\" alt=\"Praxis Fisio Cala Millor\" class=\"wp-image-96 size-full\" srcset=\"https:\/\/praxis-fisio.com\/wp-content\/uploads\/2022\/08\/Praxis-Fisio_S_Frontjpg-1024x512.jpg 1024w, https:\/\/praxis-fisio.com\/wp-content\/uploads\/2022\/08\/Praxis-Fisio_S_Frontjpg-300x150.jpg 300w, https:\/\/praxis-fisio.com\/wp-content\/uploads\/2022\/08\/Praxis-Fisio_S_Frontjpg-768x384.jpg 768w, https:\/\/praxis-fisio.com\/wp-content\/uploads\/2022\/08\/Praxis-Fisio_S_Frontjpg-1200x600.jpg 1200w, https:\/\/praxis-fisio.com\/wp-content\/uploads\/2022\/08\/Praxis-Fisio_S_Frontjpg.jpg 1400w\" sizes=\"auto, (max-width: 1024px) 100vw, 1024px\" \/><\/figure><div class=\"wp-block-media-text__content\">\n<p><strong>Su consulta de fisioterapia desde hace 24 a\u00f1os en Cala Millor<\/strong><\/p>\n<\/div><\/div>\n\n\n\n<div style=\"height:50px\" aria-hidden=\"true\" class=\"wp-block-spacer\"><\/div>\n\n\n\n<p><strong>Trabajando juntos en beneficio del paciente<\/strong><\/p>\n\n\n\n<p>Le damos una calurosa bienvenida y les invitamos a conocer nuestros servicios.<br>Nuestra principal tarea como fisioterapeutas es analizar e interpretar las condiciones de dolor, los trastornos funcionales y el desarrollo para su tratamiento mediante t\u00e9cnicas fisioterap\u00e9uticas manuales y complementarias pare tener unos resultados positivos duraderos (por ejemplo, movilizaci\u00f3n, estiramiento, fortalecimiento, ejercicios de conciencia corporal, terapia de respiraci\u00f3n, masajes, calor o fr\u00edo). aplicaciones, electroterapia y etc.).<\/p>\n\n\n\n<p>La prevenci\u00f3n tambi\u00e9n es muy importante para nosotros ( ca\u00eddas, trombosis, dolor de espalda\u2026.) por eso la incluimos en la terapia, adaptandola a cada paciente.<br>Nuestro punto de partida es la movilidad para asi lograr la ausencia o reduccion del dolor, y maximizar el rango de movimiento.<\/p>\n\n\n\n<p>Otro de nuestros objetivos es la profilaxis para favorecer (por ejemplo, de ca\u00eddas, trombosis y dolor de espalda), favoreciendo la independencia y autonom\u00eda de pacientes, que han sufrido caidas, trombosis,\u2026 y activar los poderes de autocuracion del organismo.<\/p>\n\n\n\n<p>Como masajistas, favorecemos el bienestar y la salud de nuestros pacientes con uno de los m\u00e9todos de tratamiento m\u00e9dico m\u00e1s antiguo y sencillo.<br>Con el uso regular de este, el sistema inmunol\u00f3gico se fortalece de manera preventiva, ya que se estimula la circulaci\u00f3n sangu\u00ednea, se liberan tensiones y adherencias y se aceleran los procesos de cicatrizaci\u00f3n en el organismo.<\/p>\n","protected":false},"excerpt":{"rendered":"<p>Su consulta de fisioterapia desde hace 24 a\u00f1os en Cala Millor Trabajando juntos en beneficio del paciente Le damos una calurosa bienvenida y les invitamos a conocer nuestros servicios.Nuestra principal tarea como fisioterapeutas es analizar e interpretar las condiciones de dolor, los trastornos funcionales y el desarrollo para su tratamiento mediante t\u00e9cnicas fisioterap\u00e9uticas manuales y [&hellip;]<\/p>\n","protected":false},"author":1,"featured_media":0,"parent":0,"menu_order":0,"comment_status":"closed","ping_status":"closed","template":"templates\/template-full-width.php","meta":{"footnotes":""},"class_list":["post-21","page","type-page","status-publish","hentry"],"_links":{"self":[{"href":"https:\/\/praxis-fisio.com\/es\/wp-json\/wp\/v2\/pages\/21","targetHints":{"allow":["GET"]}}],"collection":[{"href":"https:\/\/praxis-fisio.com\/es\/wp-json\/wp\/v2\/pages"}],"about":[{"href":"https:\/\/praxis-fisio.com\/es\/wp-json\/wp\/v2\/types\/page"}],"author":[{"embeddable":true,"href":"https:\/\/praxis-fisio.com\/es\/wp-json\/wp\/v2\/users\/1"}],"replies":[{"embeddable":true,"href":"https:\/\/praxis-fisio.com\/es\/wp-json\/wp\/v2\/comments?post=21"}],"version-history":[{"count":28,"href":"https:\/\/praxis-fisio.com\/es\/wp-json\/wp\/v2\/pages\/21\/revisions"}],"predecessor-version":[{"id":610,"href":"https:\/\/praxis-fisio.com\/es\/wp-json\/wp\/v2\/pages\/21\/revisions\/610"}],"wp:attachment":[{"href":"https:\/\/praxis-fisio.com\/es\/wp-json\/wp\/v2\/media?parent=21"}],"curies":[{"name":"wp","href":"https:\/\/api.w.org\/{rel}","templated":true}]}}